{"id":2953,"date":"2020-10-10T13:01:15","date_gmt":"2020-10-10T11:01:15","guid":{"rendered":"https:\/\/www.hebammenpraxis-ellwangen.de\/wp\/?page_id=2953"},"modified":"2026-02-03T16:55:22","modified_gmt":"2026-02-03T15:55:22","slug":"fuer-vaeter","status":"publish","type":"page","link":"https:\/\/www.hebammenpraxis-ellwangen.de\/wp\/fuer-vaeter\/","title":{"rendered":"F\u00fcr V\u00e4ter"},"content":{"rendered":"<section class=\"l-section wpb_row hide_on_default hide_on_laptops hide_on_tablets hide_on_mobiles height_small\"><div class=\"l-section-h i-cf\"><div class=\"g-cols vc_row via_flex valign_top type_default stacking_default\"><div class=\"vc_col-sm-12 wpb_column vc_column_container\"><div class=\"vc_column-inner\"><div class=\"wpb_wrapper\"><section class=\"l-section wpb_row height_small\"><div class=\"l-section-h i-cf\"><div class=\"g-cols vc_row via_flex valign_top type_default stacking_default\"><div class=\"vc_col-sm-12 wpb_column vc_column_container\"><div class=\"vc_column-inner\"><div class=\"wpb_wrapper\"><div class=\"wpb_text_column us_custom_cb73754a\"><div class=\"wpb_wrapper\"><p>Hinweis: Aktuell gibt es in unserem Kursbuchungssystem technische Probleme. Wir arbeiten daran, diese schnellstm\u00f6glich zu beheben und stellen in K\u00fcrze neue Kurstermine f\u00fcr Sie bereit. Vielen Dank f\u00fcr ihr Verst\u00e4ndnis.<\/p>\n<\/div><\/div><\/div><\/div><\/div><\/div><\/div><\/section>\n<\/div><\/div><\/div><\/div><\/div><\/section><section class=\"l-section wpb_row height_small\"><div class=\"l-section-h i-cf\"><div class=\"g-cols vc_row via_flex valign_top type_default stacking_default\"><div class=\"vc_col-sm-12 wpb_column vc_column_container\"><div class=\"vc_column-inner\"><div class=\"wpb_wrapper\"><div class=\"w-separator size_medium\"><\/div><\/div><\/div><\/div><\/div><\/div><\/section><section class=\"l-section wpb_row us_custom_404171cf height_small\"><div class=\"l-section-h i-cf\"><div class=\"g-cols vc_row via_flex valign_top type_default stacking_default\"><div class=\"vc_col-sm-2 wpb_column vc_column_container\"><div class=\"vc_column-inner\"><div class=\"wpb_wrapper\"><\/div><\/div><\/div><div class=\"vc_col-sm-8 wpb_column vc_column_container\"><div class=\"vc_column-inner us_custom_14e19a50\"><div class=\"wpb_wrapper\"><div class=\"wpb_text_column\"><div class=\"wpb_wrapper\"><h1 style=\"text-align: center;\">F\u00fcr V\u00e4ter<\/h1>\n<\/div><\/div><div class=\"wpb_text_column\"><div class=\"wpb_wrapper\"><p style=\"text-align: center;\"><span class=\"Sans_gemischt_14\">Liebe Papas, hier finden Sie all unsere Kurs- und Beratungsangebote f\u00fcr werdende, frischgebackene und erfahrene V\u00e4ter. <\/span><span class=\"Sans_gemischt_14\">Kursanmeldungen sind ausschlie\u00dflich online m\u00f6glich. Die Hebammenpraxis tritt teils nur als Vermittler und nicht als Vertragspartner auf. Bei Interesse an bereits begonnenen oder ausgebuchten Kursen nehmen Sie bitte per E-Mail Kontakt mit uns auf. Gerne setzen wir Sie auf die <a>Warteliste<\/a>!<\/span><\/p>\n<\/div><\/div><\/div><\/div><\/div><div class=\"vc_col-sm-2 wpb_column vc_column_container\"><div class=\"vc_column-inner\"><div class=\"wpb_wrapper\"><\/div><\/div><\/div><\/div><\/div><\/section><section class=\"l-section wpb_row height_small\"><div class=\"l-section-h i-cf\"><div class=\"g-cols vc_row via_flex valign_top type_default stacking_default\"><div class=\"vc_col-sm-12 wpb_column vc_column_container\"><div class=\"vc_column-inner\"><div class=\"wpb_wrapper\"><div class=\"w-grid type_grid layout_2963 cols_3\" id=\"us_grid_1\" style=\"--gap:1em;\"><style>@media (max-width:1024px){#us_grid_1 .w-grid-item{width:50%}}@media (max-width:600px){#us_grid_1 .w-grid-list{margin:0}#us_grid_1 .w-grid-item{width:100%;padding:0;margin-bottom:var(--gap,0px)}}.layout_2963 .w-grid-item-h{}.layout_2963 .usg_post_image_1{transition-duration:0.3s;transform-origin:50% 50%;transform:scale(1) translate(0%,0%)}.layout_2963 .w-grid-item-h:hover .usg_post_image_1{transform:scale(1) translate(0%,0%);opacity:1}.layout_2963 .usg_vwrapper_1{transition-duration:0.3s;transform-origin:50% 50%;transform:scale(1) translate(0%,0%)}.layout_2963 .w-grid-item-h:hover .usg_vwrapper_1{transform:scale(1) translate(0%,0%);opacity:0.8}.layout_2963 .usg_post_image_1{margin-bottom:1rem!important}.layout_2963 .usg_post_title_1{min-height:40px!important;margin-top:20px!important;margin-bottom:0.5rem!important;padding-left:25px!important}.layout_2963 .usg_post_content_1{padding-left:25px!important;padding-right:25px!important}.layout_2963 .usg_btn_1{padding-left:25px!important;padding-bottom:30px!important}.layout_2963 .usg_vwrapper_1{background:#ffffff!important}<\/style><div class=\"w-grid-list\">\t<article class=\"w-grid-item post-2957 us_portfolio type-us_portfolio status-publish has-post-thumbnail hentry us_portfolio_category-fuer-vaeter\" data-id=\"2957\">\r\n\t\t<div class=\"w-grid-item-h\">\r\n\t\t\t\t\t\t<div class=\"w-vwrapper usg_vwrapper_1 align_left valign_top\"><div class=\"w-post-elm post_image usg_post_image_1 stretched\"><a href=\"https:\/\/www.hebammenpraxis-ellwangen.de\/wp\/kurse\/vater\/\" aria-label=\"Von Vater zu Vater \u2013 Austausch, der weiterbringt\"><img loading=\"lazy\" decoding=\"async\" width=\"1424\" height=\"1080\" src=\"https:\/\/www.hebammenpraxis-ellwangen.de\/wp\/wp-content\/uploads\/Hebammenpraxis-Ellwangen-fuer-Vaeter.jpg\" class=\"attachment-full size-full wp-post-image\" alt=\"Hebammenpraxis-Ellwangen-fuer-Vaeter\" srcset=\"https:\/\/www.hebammenpraxis-ellwangen.de\/wp\/wp-content\/uploads\/Hebammenpraxis-Ellwangen-fuer-Vaeter.jpg 1424w, https:\/\/www.hebammenpraxis-ellwangen.de\/wp\/wp-content\/uploads\/Hebammenpraxis-Ellwangen-fuer-Vaeter-527x400.jpg 527w\" sizes=\"auto, (max-width: 1424px) 100vw, 1424px\" \/><\/a><\/div><h2 class=\"w-post-elm post_title usg_post_title_1 entry-title color_link_inherit\"><a href=\"https:\/\/www.hebammenpraxis-ellwangen.de\/wp\/kurse\/vater\/\">Von Vater zu Vater \u2013 Austausch, der weiterbringt<\/a><\/h2><div class=\"w-post-elm post_content usg_post_content_1\">Sie werden Vater, sind frischgebackener Papa oder schon erfahrener Vater \u2013 und m\u00f6chten sich mit anderen V\u00e4tern ehrlich, entspannt und auf Augenh\u00f6he austauschen? Dann sind Sie hier richtig.<\/div><a class=\"w-btn us-btn-style_4 usg_btn_1\" href=\"https:\/\/www.hebammenpraxis-ellwangen.de\/wp\/kurse\/vater\/\"><span class=\"w-btn-label\">Erfahre mehr<\/span><\/a><\/div>\t\t<\/div>\r\n\t<\/article>\r\n\t<article class=\"w-grid-item post-3005 us_portfolio type-us_portfolio status-publish has-post-thumbnail hentry us_portfolio_category-fuer-vaeter us_portfolio_category-vor-der-geburt\" data-id=\"3005\">\r\n\t\t<div class=\"w-grid-item-h\">\r\n\t\t\t\t\t\t<div class=\"w-vwrapper usg_vwrapper_1 align_left valign_top\"><div class=\"w-post-elm post_image usg_post_image_1 stretched\"><a href=\"https:\/\/www.hebammenpraxis-ellwangen.de\/wp\/kurse\/saeuglingspflege\/\" aria-label=\"S\u00e4uglingspflege plus Dunstan Babysprache\"><img loading=\"lazy\" decoding=\"async\" width=\"373\" height=\"283\" src=\"https:\/\/www.hebammenpraxis-ellwangen.de\/wp\/wp-content\/uploads\/Hebammenpraxis-Ellwangen_Saeuglingspflege-2.jpg\" class=\"attachment-full size-full wp-post-image\" alt=\"Pflege eines Saeuglings in der Hebammenpraxis Ellwangen\" \/><\/a><\/div><h2 class=\"w-post-elm post_title usg_post_title_1 entry-title color_link_inherit\"><a href=\"https:\/\/www.hebammenpraxis-ellwangen.de\/wp\/kurse\/saeuglingspflege\/\">S\u00e4uglingspflege plus Dunstan Babysprache<\/a><\/h2><div class=\"w-post-elm post_content usg_post_content_1\">Was brauchen wir alles f\u00fcr unser Baby? Was ist im Umgang mit unserem Baby zu beachten? Diese und weitere Fragen stellen sich viele Eltern besonders beim ersten Kind. Antworten auf diese Fragen&hellip;<\/div><a class=\"w-btn us-btn-style_4 usg_btn_1\" href=\"https:\/\/www.hebammenpraxis-ellwangen.de\/wp\/kurse\/saeuglingspflege\/\"><span class=\"w-btn-label\">Erfahre mehr<\/span><\/a><\/div>\t\t<\/div>\r\n\t<\/article>\r\n\t<article class=\"w-grid-item post-2987 us_portfolio type-us_portfolio status-publish has-post-thumbnail hentry us_portfolio_category-fuer-vaeter us_portfolio_category-vor-der-geburt\" data-id=\"2987\">\r\n\t\t<div class=\"w-grid-item-h\">\r\n\t\t\t\t\t\t<div class=\"w-vwrapper usg_vwrapper_1 align_left valign_top\"><div class=\"w-post-elm post_image usg_post_image_1 stretched\"><a href=\"https:\/\/www.hebammenpraxis-ellwangen.de\/wp\/kurse\/geburtsvorbereitung-fuer-paare\/\" aria-label=\"Geburts- und Familienvorbereitung f\u00fcr Paare\"><img loading=\"lazy\" decoding=\"async\" width=\"373\" height=\"283\" src=\"https:\/\/www.hebammenpraxis-ellwangen.de\/wp\/wp-content\/uploads\/Hebammenpraxis-Ellwangen_Gebupaare-2.jpg\" class=\"attachment-full size-full wp-post-image\" alt=\"Schwangere Frau mit Partner in Hebammenpraxis Ellwangen\" \/><\/a><\/div><h2 class=\"w-post-elm post_title usg_post_title_1 entry-title color_link_inherit\"><a href=\"https:\/\/www.hebammenpraxis-ellwangen.de\/wp\/kurse\/geburtsvorbereitung-fuer-paare\/\">Geburts- und Familienvorbereitung f\u00fcr Paare<\/a><\/h2><div class=\"w-post-elm post_content usg_post_content_1\">Zu zweit ist vieles leichter \u2013 besonders, wenn beide wissen, was w\u00e4hrend Geburt, Wochenbett und Familienstart auf sie zukommt. Dieser Kurs richtet sich an Paare, die sich bewusst gemeinsam auf die Geburt,&hellip;<\/div><a class=\"w-btn us-btn-style_4 usg_btn_1\" href=\"https:\/\/www.hebammenpraxis-ellwangen.de\/wp\/kurse\/geburtsvorbereitung-fuer-paare\/\"><span class=\"w-btn-label\">Erfahre mehr<\/span><\/a><\/div>\t\t<\/div>\r\n\t<\/article>\r\n\t<article class=\"w-grid-item post-2985 us_portfolio type-us_portfolio status-publish has-post-thumbnail hentry us_portfolio_category-fuer-vaeter us_portfolio_category-nach-der-geburt\" data-id=\"2985\">\r\n\t\t<div class=\"w-grid-item-h\">\r\n\t\t\t\t\t\t<div class=\"w-vwrapper usg_vwrapper_1 align_left valign_top\"><div class=\"w-post-elm post_image usg_post_image_1 stretched\"><a href=\"https:\/\/www.hebammenpraxis-ellwangen.de\/wp\/kurse\/babymassage\/\" aria-label=\"Babymassage mit BabyShiatsu-Impulsen\"><img loading=\"lazy\" decoding=\"async\" width=\"373\" height=\"283\" src=\"https:\/\/www.hebammenpraxis-ellwangen.de\/wp\/wp-content\/uploads\/Hebammenpraxis-Ellwangen_Babymassage-1.jpg\" class=\"attachment-full size-full wp-post-image\" alt=\"\" \/><\/a><\/div><h2 class=\"w-post-elm post_title usg_post_title_1 entry-title color_link_inherit\"><a href=\"https:\/\/www.hebammenpraxis-ellwangen.de\/wp\/kurse\/babymassage\/\">Babymassage mit BabyShiatsu-Impulsen<\/a><\/h2><div class=\"w-post-elm post_content usg_post_content_1\">Die erste Zeit mit Baby ist wundersch\u00f6n, intensiv und manchmal auch herausfordernd. Viele Eltern w\u00fcnschen sich Momente der Ruhe, N\u00e4he und Sicherheit im neuen Alltag. Die Babymassage schenkt daf\u00fcr einen liebevollen Rahmen.<\/div><a class=\"w-btn us-btn-style_4 usg_btn_1\" href=\"https:\/\/www.hebammenpraxis-ellwangen.de\/wp\/kurse\/babymassage\/\"><span class=\"w-btn-label\">Erfahre mehr<\/span><\/a><\/div>\t\t<\/div>\r\n\t<\/article>\r\n\t<article class=\"w-grid-item post-2965 us_portfolio type-us_portfolio status-publish has-post-thumbnail hentry us_portfolio_category-fuer-vaeter us_portfolio_category-nach-der-geburt\" data-id=\"2965\">\r\n\t\t<div class=\"w-grid-item-h\">\r\n\t\t\t\t\t\t<div class=\"w-vwrapper usg_vwrapper_1 align_left valign_top\"><div class=\"w-post-elm post_image usg_post_image_1 stretched\"><a href=\"https:\/\/www.hebammenpraxis-ellwangen.de\/wp\/kurse\/gesundes-babytragen\/\" aria-label=\"Gesundes Babytragen\"><img loading=\"lazy\" decoding=\"async\" width=\"373\" height=\"283\" src=\"https:\/\/www.hebammenpraxis-ellwangen.de\/wp\/wp-content\/uploads\/Hebammenpraxis-Ellwangen_GesundesBabytragen-2.jpg\" class=\"attachment-full size-full wp-post-image\" alt=\"\" \/><\/a><\/div><h2 class=\"w-post-elm post_title usg_post_title_1 entry-title color_link_inherit\"><a href=\"https:\/\/www.hebammenpraxis-ellwangen.de\/wp\/kurse\/gesundes-babytragen\/\">Gesundes Babytragen<\/a><\/h2><div class=\"w-post-elm post_content usg_post_content_1\">Babys brauchen N\u00e4he, Geborgenheit und Sicherheit. Eine passende Tragem\u00f6glichkeit kann helfen, diese N\u00e4he im Alltag gut zu erm\u00f6glichen \u2013 zu Hause, unterwegs, mit Geschwisterkind oder wenn beide H\u00e4nde frei sein sollen.<\/div><a class=\"w-btn us-btn-style_4 usg_btn_1\" href=\"https:\/\/www.hebammenpraxis-ellwangen.de\/wp\/kurse\/gesundes-babytragen\/\"><span class=\"w-btn-label\">Erfahre mehr<\/span><\/a><\/div>\t\t<\/div>\r\n\t<\/article>\r\n\t<article class=\"w-grid-item post-2968 us_portfolio type-us_portfolio status-publish has-post-thumbnail hentry us_portfolio_category-fuer-vaeter us_portfolio_category-nach-der-geburt\" data-id=\"2968\">\r\n\t\t<div class=\"w-grid-item-h\">\r\n\t\t\t\t\t\t<div class=\"w-vwrapper usg_vwrapper_1 align_left valign_top\"><div class=\"w-post-elm post_image usg_post_image_1 stretched\"><a href=\"https:\/\/www.hebammenpraxis-ellwangen.de\/wp\/kurse\/pekip\/\" aria-label=\"PEKiP\u00ae\"><img loading=\"lazy\" decoding=\"async\" width=\"373\" height=\"283\" src=\"https:\/\/www.hebammenpraxis-ellwangen.de\/wp\/wp-content\/uploads\/Hebammenpraxis-Ellwangen_Pekip-2.jpg\" class=\"attachment-full size-full wp-post-image\" alt=\"PEKiP\u00ae-Kurs Hebammenpraxis Ellwangen\" \/><\/a><\/div><h2 class=\"w-post-elm post_title usg_post_title_1 entry-title color_link_inherit\"><a href=\"https:\/\/www.hebammenpraxis-ellwangen.de\/wp\/kurse\/pekip\/\">PEKiP\u00ae<\/a><\/h2><div class=\"w-post-elm post_content usg_post_content_1\">Im ersten Lebensjahr entwickelt sich Ihr Baby in einem ganz eigenen Tempo. In unserem PEKiP\u00ae-Kurs begleiten wir diese Entwicklung mit altersgerechten Spiel-, Bewegungs- und Sinnesanregungen.<\/div><a class=\"w-btn us-btn-style_4 usg_btn_1\" href=\"https:\/\/www.hebammenpraxis-ellwangen.de\/wp\/kurse\/pekip\/\"><span class=\"w-btn-label\">Erfahre mehr<\/span><\/a><\/div>\t\t<\/div>\r\n\t<\/article>\r\n\t<article class=\"w-grid-item post-2971 us_portfolio type-us_portfolio status-publish has-post-thumbnail hentry us_portfolio_category-nach-der-geburt\" data-id=\"2971\">\r\n\t\t<div class=\"w-grid-item-h\">\r\n\t\t\t\t\t\t<div class=\"w-vwrapper usg_vwrapper_1 align_left valign_top\"><div class=\"w-post-elm post_image usg_post_image_1 stretched\"><a href=\"https:\/\/www.hebammenpraxis-ellwangen.de\/wp\/kurse\/beikosteinfuehrung\/\" aria-label=\"Beikosteinf\u00fchrung\"><img loading=\"lazy\" decoding=\"async\" width=\"373\" height=\"283\" src=\"https:\/\/www.hebammenpraxis-ellwangen.de\/wp\/wp-content\/uploads\/Hebammenpraxis-Ellwangen_Beikosteinf\u00fchrung-2.jpg\" class=\"attachment-full size-full wp-post-image\" alt=\"Hebammenpraxis Ellwangen Beikosteinf\u00fchrung\" \/><\/a><\/div><h2 class=\"w-post-elm post_title usg_post_title_1 entry-title color_link_inherit\"><a href=\"https:\/\/www.hebammenpraxis-ellwangen.de\/wp\/kurse\/beikosteinfuehrung\/\">Beikosteinf\u00fchrung<\/a><\/h2><div class=\"w-post-elm post_content usg_post_content_1\">Der Start mit Beikost ist ein besonderer Schritt: Das Baby entdeckt neue Geschm\u00e4cker, Konsistenzen und erste gemeinsame Mahlzeiten. Im Kurs Beikosteinf\u00fchrung m\u00f6chten wir Sicherheit geben und Druck herausnehmen. Beikost darf nat\u00fcrlich, alltagstauglich&hellip;<\/div><a class=\"w-btn us-btn-style_4 usg_btn_1\" href=\"https:\/\/www.hebammenpraxis-ellwangen.de\/wp\/kurse\/beikosteinfuehrung\/\"><span class=\"w-btn-label\">Erfahre mehr<\/span><\/a><\/div>\t\t<\/div>\r\n\t<\/article>\r\n<\/div><div class=\"w-grid-preloader\"><div class=\"g-preloader type_1\">\r\n\t<div><\/div>\r\n<\/div>\r\n<\/div>\t<div class=\"w-grid-json hidden\" onclick='return {&quot;action&quot;:&quot;us_ajax_grid&quot;,&quot;ajax_url&quot;:&quot;https:\\\/\\\/www.hebammenpraxis-ellwangen.de\\\/wp\\\/wp-admin\\\/admin-ajax.php&quot;,&quot;infinite_scroll&quot;:0,&quot;max_num_pages&quot;:1,&quot;pagination&quot;:&quot;none&quot;,&quot;permalink_url&quot;:&quot;https:\\\/\\\/www.hebammenpraxis-ellwangen.de\\\/wp\\\/wp-json\\\/wp\\\/v2\\\/pages\\\/2953&quot;,&quot;template_vars&quot;:{&quot;columns&quot;:&quot;3&quot;,&quot;exclude_items&quot;:&quot;none&quot;,&quot;img_size&quot;:&quot;default&quot;,&quot;ignore_items_size&quot;:0,&quot;items_layout&quot;:&quot;2963&quot;,&quot;items_offset&quot;:&quot;1&quot;,&quot;load_animation&quot;:&quot;none&quot;,&quot;overriding_link&quot;:&quot;{\\&quot;url\\&quot;:\\&quot;\\&quot;}&quot;,&quot;post_id&quot;:0,&quot;query_args&quot;:{&quot;ignore_sticky_posts&quot;:1,&quot;post_type&quot;:&quot;any&quot;,&quot;post__in&quot;:[&quot;2957&quot;,&quot;3005&quot;,&quot;2987&quot;,&quot;2985&quot;,&quot;2965&quot;,&quot;2968&quot;,&quot;2971&quot;],&quot;posts_per_page&quot;:&quot;10&quot;},&quot;orderby_query_args&quot;:{&quot;orderby&quot;:{&quot;post__in&quot;:&quot;ASC&quot;},&quot;order&quot;:&quot;ASC&quot;},&quot;type&quot;:&quot;grid&quot;,&quot;us_grid_ajax_index&quot;:1,&quot;us_grid_filter_params&quot;:null,&quot;us_grid_index&quot;:1,&quot;_us_grid_post_type&quot;:&quot;ids&quot;,&quot;page_args&quot;:[]}}'><\/div>\r\n\t<\/div><\/div><\/div><\/div><\/div><\/div><\/section><section class=\"l-section wpb_row us_custom_4fb9e5a3 height_small\"><div class=\"l-section-h i-cf\"><div class=\"g-cols vc_row via_flex valign_top type_default stacking_default\"><div class=\"vc_col-sm-12 wpb_column vc_column_container\"><div class=\"vc_column-inner\"><div class=\"wpb_wrapper\"><div class=\"w-separator size_small\"><\/div><div class=\"wpb_text_column\"><div class=\"wpb_wrapper\"><h2 style=\"text-align: left;\">Antworten auf h\u00e4ufige Fragen<\/h2>\n<\/div><\/div><div class=\"w-tabs style_default switch_click accordion has_scrolling\" style=\"--sections-title-size:inherit\"><div class=\"w-tabs-sections titles-align_none icon_chevron cpos_right\"><div class=\"w-tabs-section\" id=\"b94f\"><button class=\"w-tabs-section-header\" aria-controls=\"content-b94f\" aria-expanded=\"false\"><div class=\"w-tabs-section-title\">Welche Kurse und Angebote gibt es speziell f\u00fcr V\u00e4ter in der Hebammenpraxis Ellwangen?<\/div><div class=\"w-tabs-section-control\"><\/div><\/button><div  class=\"w-tabs-section-content\" id=\"content-b94f\"><div class=\"w-tabs-section-content-h i-cf\"><div class=\"wpb_text_column\"><div class=\"wpb_wrapper\"><p>In der Hebammenpraxis Ellwangen bieten wir vielf\u00e4ltige Kurse und Beratungen f\u00fcr werdende, frischgebackene und erfahrene V\u00e4ter an. Ein spezielles Angebot nur f\u00fcr V\u00e4ter ist \u201eVon Vater zu Vater &#8211; Austausch der weiterbringt\u201c sowie der V\u00e4terteil im Kurs Geburts- und Familienvorbereitung f\u00fcr Paare. Kurse wie S\u00e4uglingspflege mit Dunstan Babysprache, Babymassage, PEKiP\u00ae oder individuelle Trageberatung unterst\u00fctzen Papas dabei, sicher und aktiv in ihre Vaterrolle hineinzuwachsen.<\/p>\n<\/div><\/div><\/div><\/div><\/div><div class=\"w-tabs-section\" id=\"ze6f\"><button class=\"w-tabs-section-header\" aria-controls=\"content-ze6f\" aria-expanded=\"false\"><div class=\"w-tabs-section-title\">Warum sind spezielle Kurse f\u00fcr V\u00e4ter sinnvoll?<\/div><div class=\"w-tabs-section-control\"><\/div><\/button><div  class=\"w-tabs-section-content\" id=\"content-ze6f\"><div class=\"w-tabs-section-content-h i-cf\"><div class=\"wpb_text_column\"><div class=\"wpb_wrapper\"><p>V\u00e4ter erleben Schwangerschaft, Geburt und die erste Zeit mit Baby oft anders als M\u00fctter. In unseren Angeboten f\u00fcr V\u00e4ter in Ellwangen haben Papas Raum f\u00fcr Fragen, Austausch und praktische \u00dcbungen in einer offenen Atmosph\u00e4re. Das st\u00e4rkt das Selbstvertrauen, f\u00f6rdert die Bindung zum Kind und hilft, den Familienalltag aktiv und partnerschaftlich mitzugestalten.<\/p>\n<\/div><\/div><\/div><\/div><\/div><\/div><\/div><\/div><\/div><\/div><\/div><\/div><\/section>\n","protected":false},"excerpt":{"rendered":"Bei\u00adkost\u00adeinf\u00fchrung Entspannt und sicher an den Familientisch Der Start mit Beikost ist ein besonderer Schritt: Das Baby entdeckt neue Geschm\u00e4cker, Konsistenzen und erste gemeinsame Mahlzeiten. Gleichzeitig tauchen bei vielen Eltern Fragen auf: Wann ist mein Baby bereit? Brei oder breifrei? Was darf mein Baby essen? Wie wichtig bleibt Stillen? Und was ist mit Verschlucken, Allergenen...","protected":false},"author":2,"featured_media":0,"parent":0,"menu_order":0,"comment_status":"closed","ping_status":"closed","template":"","meta":{"footnotes":""},"class_list":["post-2953","page","type-page","status-publish","hentry"],"yoast_head":"<!-- This site is optimized with the Yoast SEO plugin v20.2.1 - https:\/\/yoast.com\/wordpress\/plugins\/seo\/ -->\n<title>F\u00fcr V\u00e4ter - Hebammenpraxis<\/title>\n<meta name=\"description\" content=\"Finden Sie R\u00fcckhalt in unseren Kursen f\u00fcr V\u00e4ter. Pers\u00f6nlicher Austausch, praxisnahes Wissen und individuelle Hebammenbetreuung und Kurse in Ellwangen. Jetzt entdecken!\" \/>\n<meta name=\"robots\" content=\"index, follow, max-snippet:-1, max-image-preview:large, max-video-preview:-1\" \/>\n<link rel=\"canonical\" href=\"https:\/\/www.hebammenpraxis-ellwangen.de\/wp\/fuer-vaeter\/\" \/>\n<meta property=\"og:locale\" content=\"de_DE\" \/>\n<meta property=\"og:type\" content=\"article\" \/>\n<meta property=\"og:title\" content=\"F\u00fcr V\u00e4ter - Hebammenpraxis\" \/>\n<meta property=\"og:description\" content=\"Finden Sie R\u00fcckhalt in unseren Kursen f\u00fcr V\u00e4ter. Pers\u00f6nlicher Austausch, praxisnahes Wissen und individuelle Hebammenbetreuung und Kurse in Ellwangen. Jetzt entdecken!\" \/>\n<meta property=\"og:url\" content=\"https:\/\/www.hebammenpraxis-ellwangen.de\/wp\/fuer-vaeter\/\" \/>\n<meta property=\"og:site_name\" content=\"Hebammenpraxis\" \/>\n<meta property=\"article:modified_time\" content=\"2026-02-03T15:55:22+00:00\" \/>\n<meta name=\"twitter:card\" content=\"summary_large_image\" \/>\n<meta name=\"twitter:label1\" content=\"Gesch\u00e4tzte Lesezeit\" \/>\n\t<meta name=\"twitter:data1\" content=\"2\u00a0Minuten\" \/>\n<script type=\"application\/ld+json\" class=\"yoast-schema-graph\">{\"@context\":\"https:\/\/schema.org\",\"@graph\":[{\"@type\":\"WebPage\",\"@id\":\"https:\/\/www.hebammenpraxis-ellwangen.de\/wp\/fuer-vaeter\/\",\"url\":\"https:\/\/www.hebammenpraxis-ellwangen.de\/wp\/fuer-vaeter\/\",\"name\":\"F\u00fcr V\u00e4ter - Hebammenpraxis\",\"isPartOf\":{\"@id\":\"https:\/\/www.hebammenpraxis-ellwangen.de\/wp\/#website\"},\"datePublished\":\"2020-10-10T11:01:15+00:00\",\"dateModified\":\"2026-02-03T15:55:22+00:00\",\"description\":\"Finden Sie R\u00fcckhalt in unseren Kursen f\u00fcr V\u00e4ter. Pers\u00f6nlicher Austausch, praxisnahes Wissen und individuelle Hebammenbetreuung und Kurse in Ellwangen. Jetzt entdecken!\",\"breadcrumb\":{\"@id\":\"https:\/\/www.hebammenpraxis-ellwangen.de\/wp\/fuer-vaeter\/#breadcrumb\"},\"inLanguage\":\"de\",\"potentialAction\":[{\"@type\":\"ReadAction\",\"target\":[\"https:\/\/www.hebammenpraxis-ellwangen.de\/wp\/fuer-vaeter\/\"]}]},{\"@type\":\"BreadcrumbList\",\"@id\":\"https:\/\/www.hebammenpraxis-ellwangen.de\/wp\/fuer-vaeter\/#breadcrumb\",\"itemListElement\":[{\"@type\":\"ListItem\",\"position\":1,\"name\":\"Home\",\"item\":\"https:\/\/www.hebammenpraxis-ellwangen.de\/wp\/\"},{\"@type\":\"ListItem\",\"position\":2,\"name\":\"F\u00fcr V\u00e4ter\"}]},{\"@type\":\"WebSite\",\"@id\":\"https:\/\/www.hebammenpraxis-ellwangen.de\/wp\/#website\",\"url\":\"https:\/\/www.hebammenpraxis-ellwangen.de\/wp\/\",\"name\":\"Hebammenpraxis\",\"description\":\"Ellwangen\",\"publisher\":{\"@id\":\"https:\/\/www.hebammenpraxis-ellwangen.de\/wp\/#organization\"},\"potentialAction\":[{\"@type\":\"SearchAction\",\"target\":{\"@type\":\"EntryPoint\",\"urlTemplate\":\"https:\/\/www.hebammenpraxis-ellwangen.de\/wp\/?s={search_term_string}\"},\"query-input\":\"required name=search_term_string\"}],\"inLanguage\":\"de\"},{\"@type\":\"Organization\",\"@id\":\"https:\/\/www.hebammenpraxis-ellwangen.de\/wp\/#organization\",\"name\":\"Hebammenpraxis Ellwangen\",\"url\":\"https:\/\/www.hebammenpraxis-ellwangen.de\/wp\/\",\"logo\":{\"@type\":\"ImageObject\",\"inLanguage\":\"de\",\"@id\":\"https:\/\/www.hebammenpraxis-ellwangen.de\/wp\/#\/schema\/logo\/image\/\",\"url\":\"https:\/\/www.hebammenpraxis-ellwangen.de\/wp\/wp-content\/uploads\/Logo_He.png\",\"contentUrl\":\"https:\/\/www.hebammenpraxis-ellwangen.de\/wp\/wp-content\/uploads\/Logo_He.png\",\"width\":407,\"height\":408,\"caption\":\"Hebammenpraxis Ellwangen\"},\"image\":{\"@id\":\"https:\/\/www.hebammenpraxis-ellwangen.de\/wp\/#\/schema\/logo\/image\/\"}}]}<\/script>\n<!-- \/ Yoast SEO plugin. -->","yoast_head_json":{"title":"F\u00fcr V\u00e4ter - Hebammenpraxis","description":"Finden Sie R\u00fcckhalt in unseren Kursen f\u00fcr V\u00e4ter. Pers\u00f6nlicher Austausch, praxisnahes Wissen und individuelle Hebammenbetreuung und Kurse in Ellwangen. Jetzt entdecken!","robots":{"index":"index","follow":"follow","max-snippet":"max-snippet:-1","max-image-preview":"max-image-preview:large","max-video-preview":"max-video-preview:-1"},"canonical":"https:\/\/www.hebammenpraxis-ellwangen.de\/wp\/fuer-vaeter\/","og_locale":"de_DE","og_type":"article","og_title":"F\u00fcr V\u00e4ter - Hebammenpraxis","og_description":"Finden Sie R\u00fcckhalt in unseren Kursen f\u00fcr V\u00e4ter. Pers\u00f6nlicher Austausch, praxisnahes Wissen und individuelle Hebammenbetreuung und Kurse in Ellwangen. Jetzt entdecken!","og_url":"https:\/\/www.hebammenpraxis-ellwangen.de\/wp\/fuer-vaeter\/","og_site_name":"Hebammenpraxis","article_modified_time":"2026-02-03T15:55:22+00:00","twitter_card":"summary_large_image","twitter_misc":{"Gesch\u00e4tzte Lesezeit":"2\u00a0Minuten"},"schema":{"@context":"https:\/\/schema.org","@graph":[{"@type":"WebPage","@id":"https:\/\/www.hebammenpraxis-ellwangen.de\/wp\/fuer-vaeter\/","url":"https:\/\/www.hebammenpraxis-ellwangen.de\/wp\/fuer-vaeter\/","name":"F\u00fcr V\u00e4ter - Hebammenpraxis","isPartOf":{"@id":"https:\/\/www.hebammenpraxis-ellwangen.de\/wp\/#website"},"datePublished":"2020-10-10T11:01:15+00:00","dateModified":"2026-02-03T15:55:22+00:00","description":"Finden Sie R\u00fcckhalt in unseren Kursen f\u00fcr V\u00e4ter. Pers\u00f6nlicher Austausch, praxisnahes Wissen und individuelle Hebammenbetreuung und Kurse in Ellwangen. Jetzt entdecken!","breadcrumb":{"@id":"https:\/\/www.hebammenpraxis-ellwangen.de\/wp\/fuer-vaeter\/#breadcrumb"},"inLanguage":"de","potentialAction":[{"@type":"ReadAction","target":["https:\/\/www.hebammenpraxis-ellwangen.de\/wp\/fuer-vaeter\/"]}]},{"@type":"BreadcrumbList","@id":"https:\/\/www.hebammenpraxis-ellwangen.de\/wp\/fuer-vaeter\/#breadcrumb","itemListElement":[{"@type":"ListItem","position":1,"name":"Home","item":"https:\/\/www.hebammenpraxis-ellwangen.de\/wp\/"},{"@type":"ListItem","position":2,"name":"F\u00fcr V\u00e4ter"}]},{"@type":"WebSite","@id":"https:\/\/www.hebammenpraxis-ellwangen.de\/wp\/#website","url":"https:\/\/www.hebammenpraxis-ellwangen.de\/wp\/","name":"Hebammenpraxis","description":"Ellwangen","publisher":{"@id":"https:\/\/www.hebammenpraxis-ellwangen.de\/wp\/#organization"},"potentialAction":[{"@type":"SearchAction","target":{"@type":"EntryPoint","urlTemplate":"https:\/\/www.hebammenpraxis-ellwangen.de\/wp\/?s={search_term_string}"},"query-input":"required name=search_term_string"}],"inLanguage":"de"},{"@type":"Organization","@id":"https:\/\/www.hebammenpraxis-ellwangen.de\/wp\/#organization","name":"Hebammenpraxis Ellwangen","url":"https:\/\/www.hebammenpraxis-ellwangen.de\/wp\/","logo":{"@type":"ImageObject","inLanguage":"de","@id":"https:\/\/www.hebammenpraxis-ellwangen.de\/wp\/#\/schema\/logo\/image\/","url":"https:\/\/www.hebammenpraxis-ellwangen.de\/wp\/wp-content\/uploads\/Logo_He.png","contentUrl":"https:\/\/www.hebammenpraxis-ellwangen.de\/wp\/wp-content\/uploads\/Logo_He.png","width":407,"height":408,"caption":"Hebammenpraxis Ellwangen"},"image":{"@id":"https:\/\/www.hebammenpraxis-ellwangen.de\/wp\/#\/schema\/logo\/image\/"}}]}},"_links":{"self":[{"href":"https:\/\/www.hebammenpraxis-ellwangen.de\/wp\/wp-json\/wp\/v2\/pages\/2953","targetHints":{"allow":["GET"]}}],"collection":[{"href":"https:\/\/www.hebammenpraxis-ellwangen.de\/wp\/wp-json\/wp\/v2\/pages"}],"about":[{"href":"https:\/\/www.hebammenpraxis-ellwangen.de\/wp\/wp-json\/wp\/v2\/types\/page"}],"author":[{"embeddable":true,"href":"https:\/\/www.hebammenpraxis-ellwangen.de\/wp\/wp-json\/wp\/v2\/users\/2"}],"replies":[{"embeddable":true,"href":"https:\/\/www.hebammenpraxis-ellwangen.de\/wp\/wp-json\/wp\/v2\/comments?post=2953"}],"version-history":[{"count":11,"href":"https:\/\/www.hebammenpraxis-ellwangen.de\/wp\/wp-json\/wp\/v2\/pages\/2953\/revisions"}],"predecessor-version":[{"id":3754,"href":"https:\/\/www.hebammenpraxis-ellwangen.de\/wp\/wp-json\/wp\/v2\/pages\/2953\/revisions\/3754"}],"wp:attachment":[{"href":"https:\/\/www.hebammenpraxis-ellwangen.de\/wp\/wp-json\/wp\/v2\/media?parent=2953"}],"curies":[{"name":"wp","href":"https:\/\/api.w.org\/{rel}","templated":true}]}}